{"version":"1.0","provider_name":"MEYDAN.TV","provider_url":"https:\/\/www.meydan.tv\/az\/","author_name":"user-manager","author_url":"https:\/\/www.meydan.tv\/az\/article\/author\/user-manager\/","title":"\u0130randak\u0131 etirazlarda 218 n\u0259f\u0259rin \u00f6ld\u00fcr\u00fcld\u00fcy\u00fc bildirilir - MEYDAN.TV","type":"rich","width":600,"height":338,"html":"<blockquote class=\"wp-embedded-content\" data-secret=\"BpECLMlWyo\"><a href=\"https:\/\/www.meydan.tv\/az\/article\/irandaki-etirazlarda-218-neferin-oldurulduyu-bildirilir\/\">\u0130randak\u0131 etirazlarda 218 n\u0259f\u0259rin \u00f6ld\u00fcr\u00fcld\u00fcy\u00fc bildirilir<\/a><\/blockquote><iframe sandbox=\"allow-scripts\" security=\"restricted\" src=\"https:\/\/www.meydan.tv\/az\/article\/irandaki-etirazlarda-218-neferin-oldurulduyu-bildirilir\/embed\/#?secret=BpECLMlWyo\" width=\"600\" height=\"338\" title=\"&#8220;\u0130randak\u0131 etirazlarda 218 n\u0259f\u0259rin \u00f6ld\u00fcr\u00fcld\u00fcy\u00fc bildirilir&#8221; &#8212; MEYDAN.TV\" data-secret=\"BpECLMlWyo\" frameborder=\"0\" marginwidth=\"0\" marginheight=\"0\" scrolling=\"no\" class=\"wp-embedded-content\"><\/iframe><script>\n\/*! This file is auto-generated *\/\n!function(d,l){\"use strict\";l.querySelector&&d.addEventListener&&\"undefined\"!=typeof URL&&(d.wp=d.wp||{},d.wp.receiveEmbedMessage||(d.wp.receiveEmbedMessage=function(e){var t=e.data;if((t||t.secret||t.message||t.value)&&!\/[^a-zA-Z0-9]\/.test(t.secret)){for(var s,r,n,a=l.querySelectorAll('iframe[data-secret=\"'+t.secret+'\"]'),o=l.querySelectorAll('blockquote[data-secret=\"'+t.secret+'\"]'),c=new RegExp(\"^https?:$\",\"i\"),i=0;i<o.length;i++)o[i].style.display=\"none\";for(i=0;i<a.length;i++)s=a[i],e.source===s.contentWindow&&(s.removeAttribute(\"style\"),\"height\"===t.message?(1e3<(r=parseInt(t.value,10))?r=1e3:~~r<200&&(r=200),s.height=r):\"link\"===t.message&&(r=new URL(s.getAttribute(\"src\")),n=new URL(t.value),c.test(n.protocol))&&n.host===r.host&&l.activeElement===s&&(d.top.location.href=t.value))}},d.addEventListener(\"message\",d.wp.receiveEmbedMessage,!1),l.addEventListener(\"DOMContentLoaded\",function(){for(var e,t,s=l.querySelectorAll(\"iframe.wp-embedded-content\"),r=0;r<s.length;r++)(t=(e=s[r]).getAttribute(\"data-secret\"))||(t=Math.random().toString(36).substring(2,12),e.src+=\"#?secret=\"+t,e.setAttribute(\"data-secret\",t)),e.contentWindow.postMessage({message:\"ready\",secret:t},\"*\")},!1)))}(window,document);\n\/\/# sourceURL=https:\/\/www.meydan.tv\/wp-includes\/js\/wp-embed.min.js\n<\/script>\n","thumbnail_url":"https:\/\/www.meydan.tv\/wp-content\/uploads\/c5c7970e357b4b6290ad39595a280d14_18.jpg","thumbnail_width":853,"thumbnail_height":480,"description":"\u201c\u0130nqilab Ke\u015fik\u00e7il\u0259rinin M\u0259rk\u0259zi \u0130mam \u018fli T\u0259hl\u00fck\u0259sizlik Qarnizonunun komandiri general Qolam H\u00fcseyn Qeybp\u0259rv\u0259r (Gholam Hossein Gheybparvar) q\u00fcvv\u0259l\u0259r\u0259 ist\u0259yin\u0259 g\u00f6r\u0259 at\u0259\u015f etm\u0259k \u0259mri ver\u0259 bilm\u0259k icaz\u0259sin\u0259 sahib olub v\u0259 bu s\u0259b\u0259bd\u0259n etiraz\u00e7\u0131lar\u0131n k\u00fctl\u0259vi \u015f\u0259kild\u0259 q\u0259tlin\u0259 birba\u015fa cavabdehlik da\u015f\u0131y\u0131r\u201d, - ad\u0131n\u0131n a\u00e7\u0131qlanmas\u0131n\u0131 ist\u0259m\u0259y\u0259n m\u0259nb\u0259 qeyd edib"}