{"version":"1.0","provider_name":"MEYDAN.TV","provider_url":"https:\/\/www.meydan.tv\/az\/","author_name":"user-manager","author_url":"https:\/\/www.meydan.tv\/az\/article\/author\/user-manager\/","title":"G\u00f6y\u00e7ay sakini: O\u011flumun intihar\u0131na s\u0259b\u0259b olanlar c\u0259zas\u0131z qal\u0131b - MEYDAN.TV","type":"rich","width":600,"height":338,"html":"<blockquote class=\"wp-embedded-content\" data-secret=\"athJhLyo6s\"><a href=\"https:\/\/www.meydan.tv\/az\/article\/goycay-sakini-oglumun-intiharina-sebeb-olanlar-cezasiz-qalib\/\">G\u00f6y\u00e7ay sakini: O\u011flumun intihar\u0131na s\u0259b\u0259b olanlar c\u0259zas\u0131z qal\u0131b<\/a><\/blockquote><iframe sandbox=\"allow-scripts\" security=\"restricted\" src=\"https:\/\/www.meydan.tv\/az\/article\/goycay-sakini-oglumun-intiharina-sebeb-olanlar-cezasiz-qalib\/embed\/#?secret=athJhLyo6s\" width=\"600\" height=\"338\" title=\"&#8220;G\u00f6y\u00e7ay sakini: O\u011flumun intihar\u0131na s\u0259b\u0259b olanlar c\u0259zas\u0131z qal\u0131b&#8221; &#8212; MEYDAN.TV\" data-secret=\"athJhLyo6s\" frameborder=\"0\" marginwidth=\"0\" marginheight=\"0\" scrolling=\"no\" class=\"wp-embedded-content\"><\/iframe><script>\n\/*! This file is auto-generated *\/\n!function(d,l){\"use strict\";l.querySelector&&d.addEventListener&&\"undefined\"!=typeof URL&&(d.wp=d.wp||{},d.wp.receiveEmbedMessage||(d.wp.receiveEmbedMessage=function(e){var t=e.data;if((t||t.secret||t.message||t.value)&&!\/[^a-zA-Z0-9]\/.test(t.secret)){for(var s,r,n,a=l.querySelectorAll('iframe[data-secret=\"'+t.secret+'\"]'),o=l.querySelectorAll('blockquote[data-secret=\"'+t.secret+'\"]'),c=new RegExp(\"^https?:$\",\"i\"),i=0;i<o.length;i++)o[i].style.display=\"none\";for(i=0;i<a.length;i++)s=a[i],e.source===s.contentWindow&&(s.removeAttribute(\"style\"),\"height\"===t.message?(1e3<(r=parseInt(t.value,10))?r=1e3:~~r<200&&(r=200),s.height=r):\"link\"===t.message&&(r=new URL(s.getAttribute(\"src\")),n=new URL(t.value),c.test(n.protocol))&&n.host===r.host&&l.activeElement===s&&(d.top.location.href=t.value))}},d.addEventListener(\"message\",d.wp.receiveEmbedMessage,!1),l.addEventListener(\"DOMContentLoaded\",function(){for(var e,t,s=l.querySelectorAll(\"iframe.wp-embedded-content\"),r=0;r<s.length;r++)(t=(e=s[r]).getAttribute(\"data-secret\"))||(t=Math.random().toString(36).substring(2,12),e.src+=\"#?secret=\"+t,e.setAttribute(\"data-secret\",t)),e.contentWindow.postMessage({message:\"ready\",secret:t},\"*\")},!1)))}(window,document);\n\/\/# sourceURL=https:\/\/www.meydan.tv\/wp-includes\/js\/wp-embed.min.js\n<\/script>\n","thumbnail_url":"https:\/\/www.meydan.tv\/wp-content\/uploads\/image00005_rihobng.jpeg","thumbnail_width":1365,"thumbnail_height":1024,"description":"F.F\u0259t\u0259liyeva ana kimi Prezident \u0130lham \u018fliyevd\u0259n, onun xan\u0131m\u0131 Birinci vitse-prezident Mehriban \u018fliyevadan, \u018fdliyy\u0259 Nazirliyi v\u0259 Ba\u015f prokuror Zakir Qaralovdan rica edir ki, o\u011flu Anar F\u0259t\u0259liyevin \u00f6z\u00fcn\u00fc asaraq \u00f6ld\u00fcrm\u0259si il\u0259 ba\u011fl\u0131 m\u0259hk\u0259m\u0259nin \u0259dal\u0259tli q\u0259rar \u00e7\u0131xarmas\u0131na v\u0259 i\u015fin yenid\u0259n ara\u015fd\u0131r\u0131lmas\u0131 il\u0259 ba\u011fl\u0131 g\u00f6st\u0259ri\u015f versinl\u0259r:"}