{"version":"1.0","provider_name":"MEYDAN.TV","provider_url":"https:\/\/www.meydan.tv\/az\/","author_name":"user-manager","author_url":"https:\/\/www.meydan.tv\/az\/article\/author\/user-manager\/","title":"Birlikd\u0259 al\u0131nan n\u0259tic\u0259 kollektiv irad\u0259 formala\u015fd\u0131r\u0131r - MEYDAN.TV","type":"rich","width":600,"height":338,"html":"<blockquote class=\"wp-embedded-content\" data-secret=\"zQKXETrhul\"><a href=\"https:\/\/www.meydan.tv\/az\/article\/birlikde-alinan-netice-kollektiv-irade-formalasdirir\/\">Birlikd\u0259 al\u0131nan n\u0259tic\u0259 kollektiv irad\u0259 formala\u015fd\u0131r\u0131r<\/a><\/blockquote><iframe sandbox=\"allow-scripts\" security=\"restricted\" src=\"https:\/\/www.meydan.tv\/az\/article\/birlikde-alinan-netice-kollektiv-irade-formalasdirir\/embed\/#?secret=zQKXETrhul\" width=\"600\" height=\"338\" title=\"&#8220;Birlikd\u0259 al\u0131nan n\u0259tic\u0259 kollektiv irad\u0259 formala\u015fd\u0131r\u0131r&#8221; &#8212; MEYDAN.TV\" data-secret=\"zQKXETrhul\" frameborder=\"0\" marginwidth=\"0\" marginheight=\"0\" scrolling=\"no\" class=\"wp-embedded-content\"><\/iframe><script>\n\/*! This file is auto-generated *\/\n!function(d,l){\"use strict\";l.querySelector&&d.addEventListener&&\"undefined\"!=typeof URL&&(d.wp=d.wp||{},d.wp.receiveEmbedMessage||(d.wp.receiveEmbedMessage=function(e){var t=e.data;if((t||t.secret||t.message||t.value)&&!\/[^a-zA-Z0-9]\/.test(t.secret)){for(var s,r,n,a=l.querySelectorAll('iframe[data-secret=\"'+t.secret+'\"]'),o=l.querySelectorAll('blockquote[data-secret=\"'+t.secret+'\"]'),c=new RegExp(\"^https?:$\",\"i\"),i=0;i<o.length;i++)o[i].style.display=\"none\";for(i=0;i<a.length;i++)s=a[i],e.source===s.contentWindow&&(s.removeAttribute(\"style\"),\"height\"===t.message?(1e3<(r=parseInt(t.value,10))?r=1e3:~~r<200&&(r=200),s.height=r):\"link\"===t.message&&(r=new URL(s.getAttribute(\"src\")),n=new URL(t.value),c.test(n.protocol))&&n.host===r.host&&l.activeElement===s&&(d.top.location.href=t.value))}},d.addEventListener(\"message\",d.wp.receiveEmbedMessage,!1),l.addEventListener(\"DOMContentLoaded\",function(){for(var e,t,s=l.querySelectorAll(\"iframe.wp-embedded-content\"),r=0;r<s.length;r++)(t=(e=s[r]).getAttribute(\"data-secret\"))||(t=Math.random().toString(36).substring(2,12),e.src+=\"#?secret=\"+t,e.setAttribute(\"data-secret\",t)),e.contentWindow.postMessage({message:\"ready\",secret:t},\"*\")},!1)))}(window,document);\n\/\/# sourceURL=https:\/\/www.meydan.tv\/wp-includes\/js\/wp-embed.min.js\n<\/script>\n","thumbnail_url":"https:\/\/www.meydan.tv\/wp-content\/uploads\/20869.jpg","thumbnail_width":700,"thumbnail_height":425,"description":"Ke\u00e7\u0259n yaz\u0131m\u0131zda erm\u0259nil\u0259ri bizd\u0259n g\u00fccl\u00fc ed\u0259n, zaman-zaman torpaqlar\u0131m\u0131za g\u00f6z dikm\u0259y\u0259 \u015firnikl\u0259ndir\u0259n s\u0259b\u0259bl\u0259r\u0259 diqq\u0259t \u00e7\u0259kmi\u015fdik. Bu m\u0259s\u0259l\u0259l\u0259r s\u0131ras\u0131nda \u0259n vacib m\u0259qamlardan biri kimi onlar\u0131n milli \u00f6z\u00fcn\u00fcd\u0259rki, vahid milli ideoloji konsepsiyaya sahib olmas\u0131, kollektiv maraqlara sadiqlikl\u0259rini izah etm\u0259y\u0259 \u00e7al\u0131\u015fm\u0131\u015fd\u0131q. \u018fn bar\u0131\u015fmaz erm\u0259ni m\u00fcxalif\u0259ti il\u0259 iqtidar\u0131 bir anda vahid m\u00f6vqe ifad\u0259 ed\u0259 bil\u0259c\u0259k milli v\u0259 kollektiv irad\u0259y\u0259 sahibdir. Bizim onlardan geri qald\u0131\u011f\u0131m\u0131z bu m\u0259s\u0259l\u0259l\u0259r b\u00fct\u00f6vl\u00fckd\u0259 onlar\u0131n qalibiyy\u0259t d\u00fcsturunun \u0259sas\u0131n\u0131 t\u0259\u015fkil edir."}